{"id":16528,"date":"2021-10-06T10:46:34","date_gmt":"2021-10-06T10:46:34","guid":{"rendered":"https:\/\/libriamoci.cepell.it\/II\/?page_id=16528"},"modified":"2023-10-13T12:52:42","modified_gmt":"2023-10-13T12:52:42","slug":"le-novita-di-questa-edizione-libriamoci-2021","status":"publish","type":"page","link":"https:\/\/libriamoci.cepell.it\/II\/?page_id=16528","title":{"rendered":"Le novit\u00e0 di questa edizione Libriamoci 2023"},"content":{"rendered":"<p>[vc_row][vc_column width=&#8221;1\/1&#8243;][vc_empty_space empty_h=&#8221;2&#8243;][vc_raw_html]JTNDaDUlMjBjbGFzcyUzRCUyMnNlY3Rpb24tdGl0bGUlMjIlM0VMZSUyMG5vdml0JUMzJUEwJTIwZGklMjBxdWVzdGElMjBlZGl6aW9uZSUyMExpYnJpYW1vY2klMjAyMDIzJTNDJTJGaDUlM0U=[\/vc_raw_html][vc_column_text]<\/p>\n<p style=\"text-align: justify;\"><strong>LE NOVIT\u00c0 DI QUESTA EDIZIONE<\/strong><\/p>\n<p style=\"text-align: justify;\">Fin dalla sua prima edizione, l\u2019obiettivo di <em><strong>Libriamoci<\/strong><\/em> \u00e8 quello di accendere e rafforzare il piacere della lettura, aiutando a convertirla in un\u2019abitudine quotidiana. In quest\u2019ottica, e nel segno di una continuit\u00e0 progettuale con la storica campagna \u201cprimaverile\u201d del Centro per il libro e la lettura, anche quest\u2019anno <strong>il tema e i filoni tematici della decima edizione di <\/strong><em><strong>Libriamoci<\/strong><\/em><strong> saranno gli stessi de <\/strong><em><strong>Il Maggio dei Libri<\/strong><\/em>, consentendo di ideare e realizzare progetti \u2013 composti da pi\u00f9 attivit\u00e0, dunque in pi\u00f9 momenti \u2013 nel periodo compreso <strong>tra il 13 novembre 2023 e il 31 maggio 2024<\/strong>.<\/p>\n<p style=\"text-align: justify;\">Nasce cos\u00ec <em><strong>da Libriamoci al Maggio<\/strong><\/em>, la modalit\u00e0 di adesione che consente di realizzare attivit\u00e0 \u2013 preferibilmente in pi\u00f9 fasi \u2013 che inizino a partire dal 13 novembre e si concludano il 31 maggio. Queste iniziative potranno partecipare al <a href=\"https:\/\/cepell.it\/premio-nazionale-per-il-libro-e-la-lettura\/\"><strong>Premio nazionale per il libro e la lettura<\/strong><\/a>\u00a0de <em>Il Maggio dei Libri<\/em> per la categoria istituti scolastici. Attenzione per\u00f2: perch\u00e9 la candidatura risulti valida occorrer\u00e0 <strong>inserirli in entrambe le banche dati<\/strong>, sia in quella di <em>Libriamoci<\/em>, attiva <strong>fino a venerd\u00ec 24 novembre<\/strong>, sia, quando sar\u00e0 in funzione, in quella de <em>Il Maggio del Libri<\/em>, raccontandoli nella loro interezza (comprensivi, cio\u00e8, anche delle fasi gi\u00e0 svolte).<\/p>\n<p style=\"text-align: justify;\">La partecipazione al Premio \u00e8 aperta anche a coloro che non partecipano alla settimana di letture ad alta voce (dal 13 al 18 novembre), ma che aderiscono successivamente a <em>Libriamoci<\/em>: basta spuntare la casella <em><strong>da Libriamoci al Maggio <\/strong><\/em>nella banca dati de <em>Il Maggio dei libri<\/em>, registrando attivit\u00e0 che iniziano dopo il 18 novembre.<\/p>\n<p style=\"text-align: justify;\">Ma non finisce qui, perch\u00e9 tra le <strong>novit\u00e0<\/strong> della decima edizione di <em>Libriamoci<\/em> ce n\u2019\u00e8 una che riguarda i pi\u00f9 piccoli tra i lettori, quelli della fascia 0-6 anni. Da quest\u2019anno potranno aderire all\u2019iniziativa del Centro per il libro e la lettura anche i <strong>servizi educativi per l\u2019infanzia<\/strong>, creando iniziative e momenti di lettura ad alta voce che sar\u00e0 possibile iscrivere in banca dati. Un modo per sottolineare l\u2019imprescindibile importanza della lettura nel percorso di crescita e formativo di ciascuno e un riconoscimento ideale all\u2019importante lavoro svolto da educatori di <strong>nido<\/strong> e di <strong>scuola dell\u2019infanzia<\/strong>, <strong>pubblici<\/strong> e <strong>privati<\/strong>, <strong>statali<\/strong> e <strong>comunali<\/strong>.<\/p>\n<p style=\"text-align: justify;\"><span style=\"color: #ff0000;\"><a style=\"color: #ff0000;\" href=\"https:\/\/libriamoci.cepell.it\/II\/?page_id=20180\">Qui<\/a><\/span> tutte le informazioni per approfondire.<\/p>\n<p>[\/vc_column_text][\/vc_column][\/vc_row]<\/p>\n","protected":false},"excerpt":{"rendered":"<p>[vc_row][vc_column width=&#8221;1\/1&#8243;][vc_empty_space empty_h=&#8221;2&#8243;][vc_raw_html]JTNDaDUlMjBjbGFzcyUzRCUyMnNlY3Rpb24tdGl0bGUlMjIlM0VMZSUyMG5vdml0JUMzJUEwJTIwZGklMjBxdWVzdGElMjBlZGl6aW9uZSUyMExpYnJpYW1vY2klMjAyMDIzJTNDJTJGaDUlM0U=[\/vc_raw_html][vc_column_text] LE NOVIT\u00c0 DI QUESTA EDIZIONE Fin dalla sua prima edizione, l\u2019obiettivo di Libriamoci \u00e8 quello di accendere [&hellip;]<\/p>\n","protected":false},"author":1,"featured_media":0,"parent":0,"menu_order":0,"comment_status":"closed","ping_status":"closed","template":"","meta":{"_links_to":"","_links_to_target":""},"acf":[],"_links":{"self":[{"href":"https:\/\/libriamoci.cepell.it\/II\/index.php?rest_route=\/wp\/v2\/pages\/16528"}],"collection":[{"href":"https:\/\/libriamoci.cepell.it\/II\/index.php?rest_route=\/wp\/v2\/pages"}],"about":[{"href":"https:\/\/libriamoci.cepell.it\/II\/index.php?rest_route=\/wp\/v2\/types\/page"}],"author":[{"embeddable":true,"href":"https:\/\/libriamoci.cepell.it\/II\/index.php?rest_route=\/wp\/v2\/users\/1"}],"replies":[{"embeddable":true,"href":"https:\/\/libriamoci.cepell.it\/II\/index.php?rest_route=%2Fwp%2Fv2%2Fcomments&post=16528"}],"version-history":[{"count":25,"href":"https:\/\/libriamoci.cepell.it\/II\/index.php?rest_route=\/wp\/v2\/pages\/16528\/revisions"}],"predecessor-version":[{"id":23517,"href":"https:\/\/libriamoci.cepell.it\/II\/index.php?rest_route=\/wp\/v2\/pages\/16528\/revisions\/23517"}],"wp:attachment":[{"href":"https:\/\/libriamoci.cepell.it\/II\/index.php?rest_route=%2Fwp%2Fv2%2Fmedia&parent=16528"}],"curies":[{"name":"wp","href":"https:\/\/api.w.org\/{rel}","templated":true}]}}